{"id":5324,"date":"2020-03-30T14:07:45","date_gmt":"2020-03-30T14:07:45","guid":{"rendered":"https:\/\/www.aymara.ad\/politica-privacidad\/"},"modified":"2022-07-05T15:31:23","modified_gmt":"2022-07-05T15:31:23","slug":"politica-privacidad","status":"publish","type":"page","link":"https:\/\/www.aymara.ad\/es\/politica-privacidad\/","title":{"rendered":"Privacitat"},"content":{"rendered":"\t\t<div data-elementor-type=\"wp-page\" data-elementor-id=\"5324\" class=\"elementor elementor-5324 elementor-3\" data-elementor-post-type=\"page\">\n\t\t\t\t\t\t<section class=\"elementor-section elementor-top-section elementor-element elementor-element-5401b6de elementor-section-boxed elementor-section-height-default elementor-section-height-default\" data-id=\"5401b6de\" data-element_type=\"section\" data-settings=\"{&quot;jet_parallax_layout_list&quot;:[]}\">\n\t\t\t\t\t\t<div class=\"elementor-container elementor-column-gap-default\">\n\t\t\t\t\t<div class=\"elementor-column elementor-col-100 elementor-top-column elementor-element elementor-element-32c19260\" data-id=\"32c19260\" data-element_type=\"column\">\n\t\t\t<div class=\"elementor-widget-wrap elementor-element-populated\">\n\t\t\t\t\t\t<div class=\"elementor-element elementor-element-18118de elementor-widget elementor-widget-heading\" data-id=\"18118de\" data-element_type=\"widget\" data-widget_type=\"heading.default\">\n\t\t\t\t<div class=\"elementor-widget-container\">\n\t\t\t<h2 class=\"elementor-heading-title elementor-size-default\">Privacitat<\/h2>\t\t<\/div>\n\t\t\t\t<\/div>\n\t\t\t\t<div class=\"elementor-element elementor-element-667151d6 elementor-widget elementor-widget-text-editor\" data-id=\"667151d6\" data-element_type=\"widget\" data-widget_type=\"text-editor.default\">\n\t\t\t\t<div class=\"elementor-widget-container\">\n\t\t\t\t\t\t\t<p>A Aymara treballem per garantir la privacitat en el tractament de les seves dades personals. Hem actualitzat la nostra Pol\u00edtica de Privacitat per informar clarament de com recollim, utilitzem i custodiem les dades de les persones que contacten amb la nostra empresa:<\/p><ul><li>Responsable del tractament<\/li><li>Finalitats del tractament de dades<\/li><li>Per\u00edode de conservaci\u00f3 de dades<\/li><li>Legitimaci\u00f3 per al tractament de dades<\/li><li>Comunicaci\u00f3 de dades<\/li><li>Transfer\u00e8ncies internacionals de dades<\/li><li>Els seus drets<\/li><li>Obtenci\u00f3 de les seves dades.<\/li><\/ul><div>\u00a0<\/div><p>Qui \u00e9s el responsable del tractament de les seves dades?<br \/>Ra\u00f3 social: Bo\u00efc Estrat\u00e8gia en Marketing -Aymara<br \/>Nom comercial: Bo\u00efc Estrat\u00e8gia en Marketing -Aymara<br \/>NRT : L-706345-D<br \/>Adre\u00e7a postal: C. de les Escoles, 1-3 1er 1era . Edif. Ant\u00f2nia &#8211; AD 600 Sant Juli\u00e0 de L\u00f2ria<br \/>Tel\u00e8fon: +376 841 320<br \/>Correu electr\u00f2nic: infoaymara@andorra.ad<\/p><p>Amb quina finalitat tractem les seves dades personals?<br \/>A AYMARA el tractament de dades es realitza amb les seg\u00fcents finalitats, en funci\u00f3 del motiu pel qual ens els hagi facilitat:<\/p><p>1. Gestionar dades facilitades directament pel propi interessat per informar dels nostres productes i serveis, donar resposta a la seva sol\u00b7licitud, petici\u00f3 o consulta i fer un seguiment posterior.<\/p><p>2. Gestionar, les dades proporcionades per l\u2019associat en el moment de contractar els nostres serveis, a nivell organitzatiu, comptable, fiscal i administratiu, aix\u00ed com per informar sobre serveis, esdeveniments i not\u00edcies relacionades amb la nostra activitat professional que puguin ser del seu inter\u00e8s.<\/p><p>3. Gestionar les dades professionals de l\u2019USUARI per la seva participaci\u00f3 en els diferents esdeveniments o activitats que organitzem i ens hagin autoritzat per informar sobre altres activitats o esdeveniments que puguem organitzar en relaci\u00f3 amb projectes o serveis que puguin ser del seu inter\u00e8s.<\/p><p>4. Realitzar, en cas que s\u2019hagi subscrit a les nostres Newsletters, l\u2019enviament de les mateixes tractant les dades facilitades per remetre-li.<\/p><p>5. Realitzar, si \u00e9s el cas, el perfil d\u2019usuari per oferir-li els nostres productes i serveis.<\/p><p>Per quant de temps conservarem les seves dades?<\/p><p>Les dades per a la gesti\u00f3 de la relaci\u00f3 amb l\u2019associat i la facturaci\u00f3 i cobrament dels serveis seran conservades durant tot el temps en qu\u00e8 el contracte estigui vigent. Un cop finalitzada aquesta relaci\u00f3, si \u00e9s el cas, les dades podran ser conservades durant el temps exigit per la legislaci\u00f3 aplicable i fins que prescriguin les eventuals responsabilitats derivades del contracte.<\/p><p>Les dades relatives a publicacions de comentaris sobre els nostres productes es mantindran durant la vig\u00e8ncia i publicitat dels productes o serveis als quals fan refer\u00e8ncia, llevat que s\u2019expressi el seu desig que siguin eliminats en qualsevol moment.<\/p><p>Les dades per a la participaci\u00f3 en esdeveniments i activitats es conservaran durant el temps que durin els mateixos, per gestionar el seu desenvolupament i, despr\u00e9s, fins que prescriguin les possibles responsabilitats derivades de la seva realitzaci\u00f3.<\/p><p>Les dades per a l\u2019enviament de newsletters seran conservades indefinidament fins que, si \u00e9s el cas, ens manifestin la seva voluntat de suprimir-los.<\/p><p>Les dades per a l\u2019enviament de comunicacions comercials i elaboraci\u00f3 de perfils comercials dels nostres productes o serveis seran conservades indefinidament fins que, si \u00e9s el cas, ens manifestin la seva voluntat de suprimir-los.<\/p><p>Quina \u00e9s la legitimaci\u00f3 per al tractament de les seves dades? La base legal per al tractament de les seves dades de le finalitats 1 a 3 \u00e9s l\u2019execuci\u00f3 contractual de la prestaci\u00f3 del servei corresponent.<\/p><p>L\u2019oferta prospectiva de productes i serveis a associats t\u00e9 com a base la satisfacci\u00f3 de l\u2019inter\u00e8s leg\u00edtim empresarial consistent en poder oferir als nostres clients la contractaci\u00f3 d\u2019altres productes o serveis i aconseguir aix\u00ed la seva fidelitzaci\u00f3. Aquest inter\u00e8s leg\u00edtim es reconeix per la normativa legal aplicable (Reglament General de Protecci\u00f3 de Dades), que permet expressament el tractament de dades personals sobre aquesta base legal amb fins de m\u00e0rqueting directe.<\/p><p>No obstant aix\u00f2, li recordem que t\u00e9 dret a oposar-se a aquest tractament de les seves dades, i pot fer-ho per qualsevol dels mitjans descrits en aquesta Pol\u00edtica.<\/p><p>La base de l\u2019enviament de comunicacions comercials a usuaris no clients \u00e9s el consentiment que s\u2019ha sol\u00b7licitat, i pot ser revocat en qualsevol moment. La retirada d\u2019aquest consentiment no afectar\u00e0 en cap cas a l\u2019execuci\u00f3 del contracte, per\u00f2 els tractaments de dades amb aquesta finalitat efectuats amb anterioritat no perdran la seva licitud pel fet que el consentiment s\u2019hagi revocat.<\/p><p>A quins destinataris es comunicaran les seves dades? No es cediran dades a tercers excepte a:<br \/>\u2022 A les entitats financeres a trav\u00e9s de les quals s\u2019articuli la gesti\u00f3 de cobraments i pagaments.<br \/>\u2022 A les administracions p\u00fabliques competents, en els casos que preveu la Llei i per als fins en ella definits.<\/p><p>Transfer\u00e8ncies de dades a tercers pa\u00efsos?<br \/>No es realitzen transfer\u00e8ncies internacionals de dades.<\/p><p>Quins s\u00f3n els seus drets quan ens facilita les seves dades?<br \/>Qualsevol persona t\u00e9 dret a obtenir confirmaci\u00f3 sobre si a AYMARA estem tractant dades personals que els concerneixin, o no.<\/p><p>Les persones interessades tenen dret a accedir a les seves dades personals, aix\u00ed com a sol\u00b7licitar la rectificaci\u00f3 de les dades inexactes o, si \u00e9s el cas, sol\u00b7licitar la seva supressi\u00f3 quan, entre d\u2019altres motius, les dades ja no siguin necessaris per als fins per als que van ser recollides.<\/p><p>En determinades circumst\u00e0ncies, els interessats podran sol\u00b7licitar la limitaci\u00f3 del tractament de les seves dades o el seu portabilitat, en aquest cas \u00fanicament els conservarem per a l\u2019exercici o la defensa de reclamacions.<\/p><p>En determinades circumst\u00e0ncies i per motius relacionats amb la seva situaci\u00f3 particular, els interessats podran oposar-se al tractament de les seves dades. En aquest cas, AYMARA deixar\u00e0 de tractar les dades, excepte per motius leg\u00edtims imperiosos, o l\u2019exercici o la defensa de possibles reclamacions.<\/p><p>Vost\u00e8 podr\u00e0 exercir materialment els seus drets de la seg\u00fcent manera:<br \/>Per correu electr\u00f2nic adjuntant c\u00f2pia del seu Document d\u2019identitat a: infoaymara@andorra.ad<\/p><p>Per correu postal: C. de les Escoles, 1-3 1er 1era . Edif. Ant\u00f2nia &#8211; AD 600 Sant Juli\u00e0 de L\u00f2ria, adjuntant fotocopia del seu Document d\u2019identitat.<\/p><p>A l\u2019adre\u00e7a de correu electr\u00f2nic i correu postal indicada, li oferirem els formularis corresponents per a exercitar materialment aquests drets.<\/p><p>Si ha atorgat el seu consentiment per a alguna finalitat concreta, t\u00e9 dret a retirar el consentiment atorgat en qualsevol moment, sense que aix\u00f2 afecti la licitud del tractament basat en el seu consentiment previ a la seva retirada.<\/p><p>En el cas que consideri vulnerats els seus drets per que fa a la protecci\u00f3 de les seves dades personals, especialment quan no hagi obtingut satisfacci\u00f3 en l\u2019exercici dels seus drets, pot presentar una reclamaci\u00f3 davant l\u2019Autoritat de Control en mat\u00e8ria de protecci\u00f3 de dades competent a trav\u00e9s del seu lloc web: www.agpd.es.<\/p><p>Com hem obtingut les seves dades? Les dades personals que tractem a AYMARA procedeixen dels propis interessats o el seu representant legal.<\/p><p>Us recordem que no hauria de proporcionar dades de tercers llevat que tingui perm\u00eds per fer-ho i que pr\u00e8viament ha estat informat.<\/p><p>No es tracten categories especials de dades personals (s\u00f3n aquelles dades que revelen l\u2019origen \u00e8tnic o racial, les opinions pol\u00edtiques, les conviccions religioses o filos\u00f2fiques, o la afiliaci\u00f3 sindical, dades gen\u00e8tiques, dades biom\u00e8triques dirigits a identificar de manera un\u00edvoca a una persona f\u00edsica, dades relatives a la salut o dades relatives a la vida sexual o quina \u00e9s l\u2019orientaci\u00f3 sexual d\u2019una persona f\u00edsica).<\/p>\t\t\t\t\t\t<\/div>\n\t\t\t\t<\/div>\n\t\t\t\t\t<\/div>\n\t\t<\/div>\n\t\t\t\t\t<\/div>\n\t\t<\/section>\n\t\t\t\t<\/div>\n\t\t","protected":false},"excerpt":{"rendered":"<p>A Aymara treballem per garantir la privacitat en el tractament de les seves dades personals. Hem actualitzat la nostra Pol\u00edtica de Privacitat per informar clarament de com recollim, utilitzem i custodiem les dades de les persones que contacten amb la nostra empresa: Responsable del tractament Finalitats del tractament de dades Per\u00edode de conservaci\u00f3 de dades [&hellip;]<\/p>\n","protected":false},"author":1,"featured_media":0,"parent":0,"menu_order":0,"comment_status":"closed","ping_status":"closed","template":"","meta":{"_acf_changed":false,"_monsterinsights_skip_tracking":false,"_monsterinsights_sitenote_active":false,"_monsterinsights_sitenote_note":"","_monsterinsights_sitenote_category":0,"footnotes":""},"class_list":["post-5324","page","type-page","status-publish","hentry"],"acf":[],"yoast_head":"<!-- This site is optimized with the Yoast SEO plugin v26.9 - https:\/\/yoast.com\/product\/yoast-seo-wordpress\/ -->\n<title>Privacitat &#183; Aymara<\/title>\n<meta name=\"robots\" content=\"index, follow, max-snippet:-1, max-image-preview:large, max-video-preview:-1\" \/>\n<link rel=\"canonical\" href=\"https:\/\/www.aymara.ad\/es\/politica-privacidad\/\" \/>\n<meta property=\"og:locale\" content=\"es_ES\" \/>\n<meta property=\"og:type\" content=\"article\" \/>\n<meta property=\"og:title\" content=\"Privacitat &#183; Aymara\" \/>\n<meta property=\"og:description\" content=\"A Aymara treballem per garantir la privacitat en el tractament de les seves dades personals. Hem actualitzat la nostra Pol\u00edtica de Privacitat per informar clarament de com recollim, utilitzem i custodiem les dades de les persones que contacten amb la nostra empresa: Responsable del tractament Finalitats del tractament de dades Per\u00edode de conservaci\u00f3 de dades [&hellip;]\" \/>\n<meta property=\"og:url\" content=\"https:\/\/www.aymara.ad\/es\/politica-privacidad\/\" \/>\n<meta property=\"og:site_name\" content=\"Aymara\" \/>\n<meta property=\"article:modified_time\" content=\"2022-07-05T15:31:23+00:00\" \/>\n<meta name=\"twitter:card\" content=\"summary_large_image\" \/>\n<meta name=\"twitter:label1\" content=\"Tiempo de lectura\" \/>\n\t<meta name=\"twitter:data1\" content=\"7 minutos\" \/>\n<script type=\"application\/ld+json\" class=\"yoast-schema-graph\">{\"@context\":\"https:\/\/schema.org\",\"@graph\":[{\"@type\":\"WebPage\",\"@id\":\"https:\/\/www.aymara.ad\/es\/politica-privacidad\/\",\"url\":\"https:\/\/www.aymara.ad\/es\/politica-privacidad\/\",\"name\":\"Privacitat &#183; Aymara\",\"isPartOf\":{\"@id\":\"https:\/\/www.aymara.ad\/es\/#website\"},\"datePublished\":\"2020-03-30T14:07:45+00:00\",\"dateModified\":\"2022-07-05T15:31:23+00:00\",\"breadcrumb\":{\"@id\":\"https:\/\/www.aymara.ad\/es\/politica-privacidad\/#breadcrumb\"},\"inLanguage\":\"es\",\"potentialAction\":[{\"@type\":\"ReadAction\",\"target\":[\"https:\/\/www.aymara.ad\/es\/politica-privacidad\/\"]}]},{\"@type\":\"BreadcrumbList\",\"@id\":\"https:\/\/www.aymara.ad\/es\/politica-privacidad\/#breadcrumb\",\"itemListElement\":[{\"@type\":\"ListItem\",\"position\":1,\"name\":\"Portada\",\"item\":\"https:\/\/www.aymara.ad\/es\/inici\/\"},{\"@type\":\"ListItem\",\"position\":2,\"name\":\"Privacitat\"}]},{\"@type\":\"WebSite\",\"@id\":\"https:\/\/www.aymara.ad\/es\/#website\",\"url\":\"https:\/\/www.aymara.ad\/es\/\",\"name\":\"Aymara\",\"description\":\"Aymara Comunicaci\u00f3 des de l&#039;Estrat\u00e8gia\",\"publisher\":{\"@id\":\"https:\/\/www.aymara.ad\/es\/#organization\"},\"potentialAction\":[{\"@type\":\"SearchAction\",\"target\":{\"@type\":\"EntryPoint\",\"urlTemplate\":\"https:\/\/www.aymara.ad\/es\/?s={search_term_string}\"},\"query-input\":{\"@type\":\"PropertyValueSpecification\",\"valueRequired\":true,\"valueName\":\"search_term_string\"}}],\"inLanguage\":\"es\"},{\"@type\":\"Organization\",\"@id\":\"https:\/\/www.aymara.ad\/es\/#organization\",\"name\":\"Aymara Comunicaci\u00f3 des de l'Estrategia\",\"url\":\"https:\/\/www.aymara.ad\/es\/\",\"logo\":{\"@type\":\"ImageObject\",\"inLanguage\":\"es\",\"@id\":\"https:\/\/www.aymara.ad\/es\/#\/schema\/logo\/image\/\",\"url\":\"https:\/\/www.aymara.ad\/wp-content\/uploads\/2021\/07\/logo-aymara.png\",\"contentUrl\":\"https:\/\/www.aymara.ad\/wp-content\/uploads\/2021\/07\/logo-aymara.png\",\"width\":75,\"height\":27,\"caption\":\"Aymara Comunicaci\u00f3 des de l'Estrategia\"},\"image\":{\"@id\":\"https:\/\/www.aymara.ad\/es\/#\/schema\/logo\/image\/\"}}]}<\/script>\n<!-- \/ Yoast SEO plugin. -->","yoast_head_json":{"title":"Privacitat &#183; Aymara","robots":{"index":"index","follow":"follow","max-snippet":"max-snippet:-1","max-image-preview":"max-image-preview:large","max-video-preview":"max-video-preview:-1"},"canonical":"https:\/\/www.aymara.ad\/es\/politica-privacidad\/","og_locale":"es_ES","og_type":"article","og_title":"Privacitat &#183; Aymara","og_description":"A Aymara treballem per garantir la privacitat en el tractament de les seves dades personals. Hem actualitzat la nostra Pol\u00edtica de Privacitat per informar clarament de com recollim, utilitzem i custodiem les dades de les persones que contacten amb la nostra empresa: Responsable del tractament Finalitats del tractament de dades Per\u00edode de conservaci\u00f3 de dades [&hellip;]","og_url":"https:\/\/www.aymara.ad\/es\/politica-privacidad\/","og_site_name":"Aymara","article_modified_time":"2022-07-05T15:31:23+00:00","twitter_card":"summary_large_image","twitter_misc":{"Tiempo de lectura":"7 minutos"},"schema":{"@context":"https:\/\/schema.org","@graph":[{"@type":"WebPage","@id":"https:\/\/www.aymara.ad\/es\/politica-privacidad\/","url":"https:\/\/www.aymara.ad\/es\/politica-privacidad\/","name":"Privacitat &#183; Aymara","isPartOf":{"@id":"https:\/\/www.aymara.ad\/es\/#website"},"datePublished":"2020-03-30T14:07:45+00:00","dateModified":"2022-07-05T15:31:23+00:00","breadcrumb":{"@id":"https:\/\/www.aymara.ad\/es\/politica-privacidad\/#breadcrumb"},"inLanguage":"es","potentialAction":[{"@type":"ReadAction","target":["https:\/\/www.aymara.ad\/es\/politica-privacidad\/"]}]},{"@type":"BreadcrumbList","@id":"https:\/\/www.aymara.ad\/es\/politica-privacidad\/#breadcrumb","itemListElement":[{"@type":"ListItem","position":1,"name":"Portada","item":"https:\/\/www.aymara.ad\/es\/inici\/"},{"@type":"ListItem","position":2,"name":"Privacitat"}]},{"@type":"WebSite","@id":"https:\/\/www.aymara.ad\/es\/#website","url":"https:\/\/www.aymara.ad\/es\/","name":"Aymara","description":"Aymara Comunicaci\u00f3 des de l&#039;Estrat\u00e8gia","publisher":{"@id":"https:\/\/www.aymara.ad\/es\/#organization"},"potentialAction":[{"@type":"SearchAction","target":{"@type":"EntryPoint","urlTemplate":"https:\/\/www.aymara.ad\/es\/?s={search_term_string}"},"query-input":{"@type":"PropertyValueSpecification","valueRequired":true,"valueName":"search_term_string"}}],"inLanguage":"es"},{"@type":"Organization","@id":"https:\/\/www.aymara.ad\/es\/#organization","name":"Aymara Comunicaci\u00f3 des de l'Estrategia","url":"https:\/\/www.aymara.ad\/es\/","logo":{"@type":"ImageObject","inLanguage":"es","@id":"https:\/\/www.aymara.ad\/es\/#\/schema\/logo\/image\/","url":"https:\/\/www.aymara.ad\/wp-content\/uploads\/2021\/07\/logo-aymara.png","contentUrl":"https:\/\/www.aymara.ad\/wp-content\/uploads\/2021\/07\/logo-aymara.png","width":75,"height":27,"caption":"Aymara Comunicaci\u00f3 des de l'Estrategia"},"image":{"@id":"https:\/\/www.aymara.ad\/es\/#\/schema\/logo\/image\/"}}]}},"_links":{"self":[{"href":"https:\/\/www.aymara.ad\/es\/wp-json\/wp\/v2\/pages\/5324","targetHints":{"allow":["GET"]}}],"collection":[{"href":"https:\/\/www.aymara.ad\/es\/wp-json\/wp\/v2\/pages"}],"about":[{"href":"https:\/\/www.aymara.ad\/es\/wp-json\/wp\/v2\/types\/page"}],"author":[{"embeddable":true,"href":"https:\/\/www.aymara.ad\/es\/wp-json\/wp\/v2\/users\/1"}],"replies":[{"embeddable":true,"href":"https:\/\/www.aymara.ad\/es\/wp-json\/wp\/v2\/comments?post=5324"}],"version-history":[{"count":0,"href":"https:\/\/www.aymara.ad\/es\/wp-json\/wp\/v2\/pages\/5324\/revisions"}],"wp:attachment":[{"href":"https:\/\/www.aymara.ad\/es\/wp-json\/wp\/v2\/media?parent=5324"}],"curies":[{"name":"wp","href":"https:\/\/api.w.org\/{rel}","templated":true}]}}